{"id":5530,"date":"2021-10-28T09:29:15","date_gmt":"2021-10-28T07:29:15","guid":{"rendered":"https:\/\/opticasisquella.com\/servicios\/"},"modified":"2025-07-04T08:01:29","modified_gmt":"2025-07-04T06:01:29","slug":"serveis","status":"publish","type":"page","link":"https:\/\/opticasisquella.com\/ca\/serveis\/","title":{"rendered":"SERVEIS"},"content":{"rendered":"\t\t<div data-elementor-type=\"wp-page\" data-elementor-id=\"5530\" class=\"elementor elementor-5530 elementor-91\" data-elementor-post-type=\"page\">\n\t\t\t\t<div class=\"elementor-element elementor-element-56db9ab e-flex e-con-boxed e-con e-parent\" data-id=\"56db9ab\" data-element_type=\"container\" data-e-type=\"container\" data-settings=\"{&quot;background_background&quot;:&quot;classic&quot;}\">\n\t\t\t\t\t<div class=\"e-con-inner\">\n\t\t\t\t\t<\/div>\n\t\t\t\t<\/div>\n\t\t<div class=\"elementor-element elementor-element-38e6eeb e-con-full e-flex e-con e-parent\" data-id=\"38e6eeb\" data-element_type=\"container\" data-e-type=\"container\">\n\t\t<div class=\"elementor-element elementor-element-5ba257c e-con-full e-flex e-con e-child\" data-id=\"5ba257c\" data-element_type=\"container\" data-e-type=\"container\">\n\t\t\t\t<div class=\"elementor-element elementor-element-15351ee elementor-widget elementor-widget-heading\" data-id=\"15351ee\" data-element_type=\"widget\" data-e-type=\"widget\" data-widget_type=\"heading.default\">\n\t\t\t\t\t<h2 class=\"elementor-heading-title elementor-size-default\">OPTOMETRIA<\/h2>\t\t\t\t<\/div>\n\t\t\t\t<\/div>\n\t\t<div class=\"elementor-element elementor-element-1836146 e-con-full e-flex e-con e-child\" data-id=\"1836146\" data-element_type=\"container\" data-e-type=\"container\">\n\t\t\t\t<div class=\"elementor-element elementor-element-c0f329c elementor-widget__width-initial elementor-widget elementor-widget-text-editor\" data-id=\"c0f329c\" data-element_type=\"widget\" data-e-type=\"widget\" data-widget_type=\"text-editor.default\">\n\t\t\t\t\t\t\t\t\tEls optometristes ens ocupem de la prevenci\u00f3, diagn\u00f2stic i tractament dels problemes visuals i tamb\u00e9 de la detecci\u00f3 de malalties, trastorns i patologies relacionades amb el sistema visual. A la nostra \u00f2ptica sempre trobar\u00e0s un optometrista al teu servei per graduar-te la vista. Estimem la nostra professi\u00f3 i valorem la import\u00e0ncia d\u2019oferir un excel\u00b7lent servei als nostres clients, per aix\u00f2 disposem de la tecnologia m\u00e9s avan\u00e7ada i tamb\u00e9 invertim en la formaci\u00f3 cont\u00ednua dels nostres professionals.\t\t\t\t\t\t\t\t<\/div>\n\t\t\t\t<\/div>\n\t\t\t\t<\/div>\n\t\t<div class=\"elementor-element elementor-element-b341dcb e-con-full e-flex e-con e-parent\" data-id=\"b341dcb\" data-element_type=\"container\" data-e-type=\"container\" data-settings=\"{&quot;background_background&quot;:&quot;classic&quot;}\">\n\t\t\t\t<\/div>\n\t\t<div class=\"elementor-element elementor-element-ba47f30 e-con-full e-flex e-con e-parent\" data-id=\"ba47f30\" data-element_type=\"container\" data-e-type=\"container\">\n\t\t<div class=\"elementor-element elementor-element-68c7ba3 e-con-full e-flex e-con e-child\" data-id=\"68c7ba3\" data-element_type=\"container\" data-e-type=\"container\">\n\t\t\t\t<div class=\"elementor-element elementor-element-2a8fccb elementor-widget__width-initial elementor-widget elementor-widget-heading\" data-id=\"2a8fccb\" data-element_type=\"widget\" data-e-type=\"widget\" data-widget_type=\"heading.default\">\n\t\t\t\t\t<h2 class=\"elementor-heading-title elementor-size-default\">OPTOMETRIA <br> <b>INFANTIL<\/b><\/h2>\t\t\t\t<\/div>\n\t\t\t\t<div class=\"elementor-element elementor-element-dc5ab69 elementor-widget__width-initial elementor-widget elementor-widget-text-editor\" data-id=\"dc5ab69\" data-element_type=\"widget\" data-e-type=\"widget\" data-widget_type=\"text-editor.default\">\n\t\t\t\t\t\t\t\t\tEl resultat de l\u2019aprenentatge en infants en edat escolar t\u00e9 molta relaci\u00f3 amb els problemes de visi\u00f3, i per aix\u00f2 \u00e9s necessari fer revisions visuals peri\u00f2diques a partir dels 3 anys, preferiblement a l\u2019inicia del nou curs escolar. L\u2019objectiu de la revisi\u00f3 que farem al nostre centre \u00e9s la detecci\u00f3 de problemes visuals ja siguin funcionals o estructurals. Confirmarem que la visi\u00f3 sigui bona i igual en tots dos ulls, que hi hagi una bona visi\u00f3 del color i que no es manifestin problemes de lectura, realitzant proves espec\u00edfiques i adients a l\u2019edat de cada infant. En cas de detectar alguna anomalia de car\u00e0cter m\u00e8dic derivarem a l\u2019oftalm\u00f2leg. A la nostra \u00f2ptica trobar\u00e0s un ampli estoc d\u2019ulleres per a infants, tant de sol com per graduar.\t\t\t\t\t\t\t\t<\/div>\n\t\t\t\t<\/div>\n\t\t<div class=\"elementor-element elementor-element-09d511f e-con-full e-flex e-con e-child\" data-id=\"09d511f\" data-element_type=\"container\" data-e-type=\"container\">\n\t\t\t\t<div class=\"elementor-element elementor-element-77a8713 elementor-widget__width-initial elementor-widget elementor-widget-heading\" data-id=\"77a8713\" data-element_type=\"widget\" data-e-type=\"widget\" data-widget_type=\"heading.default\">\n\t\t\t\t\t<h2 class=\"elementor-heading-title elementor-size-default\">ASSESSORAMENT <br> <b>EST\u00c8TIC<\/b><\/h2>\t\t\t\t<\/div>\n\t\t\t\t<div class=\"elementor-element elementor-element-2ef6b9c elementor-widget__width-initial elementor-widget elementor-widget-text-editor\" data-id=\"2ef6b9c\" data-element_type=\"widget\" data-e-type=\"widget\" data-widget_type=\"text-editor.default\">\n\t\t\t\t\t\t\t\t\tEn l\u2019actualitat les ulleres no s\u00f3n solament una eina funcional que ens permet millorar la nostra visi\u00f3 o protegir-nos del sol. S\u00f3n un complement esencial de moda i un factor molt important de la nostra imatge. S\u2019ha de valorar l\u2019opci\u00f3 de tenir m\u00e9s d\u2019unes ulleres, com a recanvi i per combinar-les amb una est\u00e8tica determinada. Gr\u00e0cies a les noves tecnologies podr\u00e0s comprovar com et queden les muntures abans d\u2019adaptar-les a la teva graduaci\u00f3. Disposem d\u2019una gran experi\u00e8ncia per poder assessorar-te. A l\u2019\u00d2ptica Sisquella trobar\u00e0s una variada i extensa col.lecci\u00f3 d\u2019ulleres de sol i graduades. Confiem en les marques m\u00e9s prestigioses del sector i apostem pels models m\u00e9s actuals segons les tend\u00e8ncies del mercat.\t\t\t\t\t\t\t\t<\/div>\n\t\t\t\t<\/div>\n\t\t\t\t<\/div>\n\t\t<div class=\"elementor-element elementor-element-0b87da4 e-con-full e-flex e-con e-parent\" data-id=\"0b87da4\" data-element_type=\"container\" data-e-type=\"container\">\n\t\t<div class=\"elementor-element elementor-element-d6c5edb e-con-full e-flex e-con e-child\" data-id=\"d6c5edb\" data-element_type=\"container\" data-e-type=\"container\" data-settings=\"{&quot;background_background&quot;:&quot;classic&quot;}\">\n\t\t\t\t<div class=\"elementor-element elementor-element-bb1bf1f elementor-widget elementor-widget-spacer\" data-id=\"bb1bf1f\" data-element_type=\"widget\" data-e-type=\"widget\" data-widget_type=\"spacer.default\">\n\t\t\t\t\t\t\t<div class=\"elementor-spacer\">\n\t\t\t<div class=\"elementor-spacer-inner\"><\/div>\n\t\t<\/div>\n\t\t\t\t\t\t<\/div>\n\t\t\t\t<\/div>\n\t\t<div class=\"elementor-element elementor-element-f4e07ad e-con-full e-flex e-con e-child\" data-id=\"f4e07ad\" data-element_type=\"container\" data-e-type=\"container\" data-settings=\"{&quot;background_background&quot;:&quot;classic&quot;}\">\n\t\t\t\t<div class=\"elementor-element elementor-element-b138719 elementor-widget elementor-widget-spacer\" data-id=\"b138719\" data-element_type=\"widget\" data-e-type=\"widget\" data-widget_type=\"spacer.default\">\n\t\t\t\t\t\t\t<div class=\"elementor-spacer\">\n\t\t\t<div class=\"elementor-spacer-inner\"><\/div>\n\t\t<\/div>\n\t\t\t\t\t\t<\/div>\n\t\t\t\t<\/div>\n\t\t\t\t<\/div>\n\t\t<div class=\"elementor-element elementor-element-a31baf6 e-flex e-con-boxed e-con e-parent\" data-id=\"a31baf6\" data-element_type=\"container\" data-e-type=\"container\">\n\t\t\t\t\t<div class=\"e-con-inner\">\n\t\t<div class=\"elementor-element elementor-element-0f0dadf e-con-full e-flex e-con e-child\" data-id=\"0f0dadf\" data-element_type=\"container\" data-e-type=\"container\">\n\t\t\t\t<div class=\"elementor-element elementor-element-9badc86 elementor-widget elementor-widget-heading\" data-id=\"9badc86\" data-element_type=\"widget\" data-e-type=\"widget\" data-widget_type=\"heading.default\">\n\t\t\t\t\t<h2 class=\"elementor-heading-title elementor-size-default\">CONTACTOLOGIA<\/h2>\t\t\t\t<\/div>\n\t\t\t\t<\/div>\n\t\t<div class=\"elementor-element elementor-element-bbf2a25 e-con-full e-flex e-con e-child\" data-id=\"bbf2a25\" data-element_type=\"container\" data-e-type=\"container\">\n\t\t\t\t<div class=\"elementor-element elementor-element-a806b31 elementor-widget elementor-widget-text-editor\" data-id=\"a806b31\" data-element_type=\"widget\" data-e-type=\"widget\" data-widget_type=\"text-editor.default\">\n\t\t\t\t\t\t\t\t\t<p>La contactologia \u00e9s l\u2019adaptaci\u00f3 de lents de contacte per neutralitzar defectes visuals com la miopia, l\u2019hipermetropia, l\u2019astigmatisme i la presbicia. El nostre equip de contact\u00f2legs adaptar\u00e0 les lents de contacte a les teves necessitats; t\u2019ensenyar\u00e0 a posar-te-les i treure-te-les, tamb\u00e9 t\u2019explicar\u00e0 la import\u00e0ncia de portar un manteniment adient i les normes d\u2019\u00fas per assegurar-te una bona higiene visual. Adaptem tot tipus de lents de contacte informant-te de quina \u00e9s la m\u00e9s apropiada en cada cas: di\u00e0ries, mensuals, t\u00f2riques, multifocals, cosm\u00e8tiques o semir\u00edgides. Disposem d\u2019un ampli estoc per poder oferir-te un servei immediat. Tamb\u00e9 pots trucar per reservar-les al nostre tel\u00e8fon 933019726 o per Whatsapp al 618416091<\/p>\t\t\t\t\t\t\t\t<\/div>\n\t\t\t\t<\/div>\n\t\t\t\t\t<\/div>\n\t\t\t\t<\/div>\n\t\t<div class=\"elementor-element elementor-element-7962d10 e-con-full e-flex e-con e-parent\" data-id=\"7962d10\" data-element_type=\"container\" data-e-type=\"container\" data-settings=\"{&quot;background_background&quot;:&quot;classic&quot;}\">\n\t\t\t\t<\/div>\n\t\t<div class=\"elementor-element elementor-element-a255f36 e-flex e-con-boxed e-con e-parent\" data-id=\"a255f36\" data-element_type=\"container\" data-e-type=\"container\">\n\t\t\t\t\t<div class=\"e-con-inner\">\n\t\t<div class=\"elementor-element elementor-element-e2dda81 e-con-full e-flex e-con e-child\" data-id=\"e2dda81\" data-element_type=\"container\" data-e-type=\"container\">\n\t\t\t\t<div class=\"elementor-element elementor-element-eec9b95 elementor-widget elementor-widget-heading\" data-id=\"eec9b95\" data-element_type=\"widget\" data-e-type=\"widget\" data-widget_type=\"heading.default\">\n\t\t\t\t\t<h2 class=\"elementor-heading-title elementor-size-default\">PRESSI\u00d3 <b>OCULAR<\/b><\/h2>\t\t\t\t<\/div>\n\t\t\t\t<div class=\"elementor-element elementor-element-945f7d3 elementor-widget elementor-widget-text-editor\" data-id=\"945f7d3\" data-element_type=\"widget\" data-e-type=\"widget\" data-widget_type=\"text-editor.default\">\n\t\t\t\t\t\t\t\t\t<p>A partir dels 40 anys \u00e9s molt important fer un seguiment de la pressi\u00f3 dels nostres ulls ja que el glaucoma \u00e9s una malaltia que normalment no presenta s\u00edmptomes manifestos per part del pacient i, si no es controla peri\u00f2dicament, pot provocar una p\u00e8rdua de visi\u00f3 irreversible. \u00c9s molt important fer-se una revisi\u00f3 en cas de tenir antecedents familiars amb glaucoma. Disposem d\u2019un ton\u00f2metre de contacte que no requereix anestesia i realitza la medici\u00f3 de forma senzilla i precisa.Pots passar per la nostra \u00f2ptica o demanar cita i et prendrem la pressi\u00f3 intraocular. Per poder fer un seguiment controlat de la pressi\u00f3 dels ulls dels nostres clients anotarem els resultats obtinguts en un carnet personal.<\/p>\t\t\t\t\t\t\t\t<\/div>\n\t\t\t\t<\/div>\n\t\t<div class=\"elementor-element elementor-element-69fd7e2 e-con-full e-flex e-con e-child\" data-id=\"69fd7e2\" data-element_type=\"container\" data-e-type=\"container\">\n\t\t\t\t<div class=\"elementor-element elementor-element-e77bc83 elementor-widget elementor-widget-heading\" data-id=\"e77bc83\" data-element_type=\"widget\" data-e-type=\"widget\" data-widget_type=\"heading.default\">\n\t\t\t\t\t<h2 class=\"elementor-heading-title elementor-size-default\">TALLER <b>PROPI<\/b><\/h2>\t\t\t\t<\/div>\n\t\t\t\t<div class=\"elementor-element elementor-element-e775a0d elementor-widget elementor-widget-text-editor\" data-id=\"e775a0d\" data-element_type=\"widget\" data-e-type=\"widget\" data-widget_type=\"text-editor.default\">\n\t\t\t\t\t\t\t\t\t<p>Tal i com reflexa la nostra hist\u00f2ria, som experts en taller i fem servir la tecnologia m\u00e9s avan\u00e7ada per aconseguir els resultats m\u00e9s satisfactoris en cada cas. D\u2019aquesta manera els nostres clients gaudeixen d\u2019un alt grau de satisfacci\u00f3 i confian\u00e7a en les seves comandes per a tot tipus de muntatges i reparacions \u201dulleres graduades en 30 minuts\u201d. Tenim un ampli estoc de lents monofocals antireflectants, oferim un servei de lliurament de les teves ulleres en un temps de 30 minuts. En el cas d\u2019haver de canviar les lents (bifocals, progressives o lents especials) de la teva muntura, no ser\u00e0 necessari deixar les ulleres, t\u2019avisarem quan tinguem les lents i en 30 minuts ja estaran canviades.<\/p>\t\t\t\t\t\t\t\t<\/div>\n\t\t\t\t<\/div>\n\t\t\t\t\t<\/div>\n\t\t\t\t<\/div>\n\t\t<div class=\"elementor-element elementor-element-fcdfa4f e-con-full e-flex e-con e-parent\" data-id=\"fcdfa4f\" data-element_type=\"container\" data-e-type=\"container\">\n\t\t<div class=\"elementor-element elementor-element-665c9af e-con-full e-flex e-con e-child\" data-id=\"665c9af\" data-element_type=\"container\" data-e-type=\"container\" data-settings=\"{&quot;background_background&quot;:&quot;classic&quot;}\">\n\t\t\t\t<div class=\"elementor-element elementor-element-865d423 elementor-widget elementor-widget-spacer\" data-id=\"865d423\" data-element_type=\"widget\" data-e-type=\"widget\" data-widget_type=\"spacer.default\">\n\t\t\t\t\t\t\t<div class=\"elementor-spacer\">\n\t\t\t<div class=\"elementor-spacer-inner\"><\/div>\n\t\t<\/div>\n\t\t\t\t\t\t<\/div>\n\t\t\t\t<\/div>\n\t\t<div class=\"elementor-element elementor-element-c3eb7a4 e-con-full e-flex e-con e-child\" data-id=\"c3eb7a4\" data-element_type=\"container\" data-e-type=\"container\" data-settings=\"{&quot;background_background&quot;:&quot;classic&quot;}\">\n\t\t\t\t<div class=\"elementor-element elementor-element-fe60f37 elementor-widget elementor-widget-spacer\" data-id=\"fe60f37\" data-element_type=\"widget\" data-e-type=\"widget\" data-widget_type=\"spacer.default\">\n\t\t\t\t\t\t\t<div class=\"elementor-spacer\">\n\t\t\t<div class=\"elementor-spacer-inner\"><\/div>\n\t\t<\/div>\n\t\t\t\t\t\t<\/div>\n\t\t\t\t<\/div>\n\t\t\t\t<\/div>\n\t\t\t\t<\/div>\n\t\t","protected":false},"excerpt":{"rendered":"<p>OPTOMETRIA Els optometristes ens ocupem de la prevenci\u00f3, diagn\u00f2stic i tractament dels problemes visuals i tamb\u00e9 de la detecci\u00f3 de malalties, trastorns i patologies relacionades amb el sistema visual. A la nostra \u00f2ptica sempre trobar\u00e0s un optometrista al teu servei per graduar-te la vista. Estimem la nostra professi\u00f3 i valorem la import\u00e0ncia d\u2019oferir un excel\u00b7lent [&hellip;]<\/p>\n","protected":false},"author":1,"featured_media":1235,"parent":0,"menu_order":0,"comment_status":"closed","ping_status":"closed","template":"","meta":{"footnotes":""},"class_list":["post-5530","page","type-page","status-publish","has-post-thumbnail","hentry"],"aioseo_notices":[],"_links":{"self":[{"href":"https:\/\/opticasisquella.com\/ca\/wp-json\/wp\/v2\/pages\/5530","targetHints":{"allow":["GET"]}}],"collection":[{"href":"https:\/\/opticasisquella.com\/ca\/wp-json\/wp\/v2\/pages"}],"about":[{"href":"https:\/\/opticasisquella.com\/ca\/wp-json\/wp\/v2\/types\/page"}],"author":[{"embeddable":true,"href":"https:\/\/opticasisquella.com\/ca\/wp-json\/wp\/v2\/users\/1"}],"replies":[{"embeddable":true,"href":"https:\/\/opticasisquella.com\/ca\/wp-json\/wp\/v2\/comments?post=5530"}],"version-history":[{"count":13,"href":"https:\/\/opticasisquella.com\/ca\/wp-json\/wp\/v2\/pages\/5530\/revisions"}],"predecessor-version":[{"id":5975,"href":"https:\/\/opticasisquella.com\/ca\/wp-json\/wp\/v2\/pages\/5530\/revisions\/5975"}],"wp:featuredmedia":[{"embeddable":true,"href":"https:\/\/opticasisquella.com\/ca\/wp-json\/wp\/v2\/media\/1235"}],"wp:attachment":[{"href":"https:\/\/opticasisquella.com\/ca\/wp-json\/wp\/v2\/media?parent=5530"}],"curies":[{"name":"wp","href":"https:\/\/api.w.org\/{rel}","templated":true}]}}