{"id":1092,"date":"2021-11-29T12:22:28","date_gmt":"2021-11-29T12:22:28","guid":{"rendered":"https:\/\/opticasisquella.com\/politica-redes-sociales-2\/"},"modified":"2023-02-02T04:22:22","modified_gmt":"2023-02-02T04:22:22","slug":"politica-redes-sociales","status":"publish","type":"page","link":"https:\/\/opticasisquella.com\/ca\/politica-redes-sociales\/","title":{"rendered":"POL\u00cdTICA REDES SOCIALES"},"content":{"rendered":"<ol>\n<li>\n<p align=\"left\">Informaci\u00f3 sobre el responsable del tractament de les dades allotjades a la p\u00e0gina oficial de CARLES SISQUELLA I MOLL\u00c0, a la xarxa social. De conformitat al deure informaci\u00f3 establert al Reglament (UE) 2016\/679 de 27 d&#8217;abril (GDPR) i la Llei Org\u00e0nica 3\/2018, de 5 de desembre (LOPDGDD) CARLES SISQUELLA I MOLL\u00c0, en endavant el Responsable vol posar en coneixement dels usuaris d&#8217;aquesta xarxa social la pol\u00edtica respecte del tractament i protecci\u00f3 de les dades de car\u00e0cter personal d&#8217;aquelles persones que volunt\u00e0riament accedeixen i utilitzen la p\u00e0gina oficial del RESPONSABLE. L&#8217;acc\u00e9s i \u00fas per l&#8217;usuari d&#8217;aquesta p\u00e0gina oficial del RESPONSABLE, suposa que accepta expressament aquesta pol\u00edtica de privadesa i que presta el seu consentiment per al tractament de les seves dades personals segons el que preveu.<\/p>\n<\/li>\n<li>\n<p align=\"left\">Dades de menors d&#8217;edat o incapaces L&#8217;acc\u00e9s i el registre en aquesta xarxa social est\u00e0 prohibit als menors de catorze (14) anys, de manera que igualment queda prohibit l&#8217;acc\u00e9s i l&#8217;\u00fas dels menors de catorze (14 anys) a la p\u00e0gina oficial del RESPONSABLE, a la mateixa. Per la seva banda, si l&#8217;usuari \u00e9s incapa\u00e7, el RESPONSABLE adverteix que ser\u00e0 necess\u00e0ria l&#8217;assist\u00e8ncia consentida del titular de la p\u00e0tria potestat o tutela de l&#8217;usuari o el seu representant legal per a l&#8217;acc\u00e9s i l&#8217;\u00fas d&#8217;aquesta p\u00e0gina oficial del RESPONSABLE. aquest queda expressament exonerada de qualsevol responsabilitat que pogu\u00e9s derivar-se de l&#8217;\u00fas de la seva p\u00e0gina oficial per menors i incapa\u00e7os i aquesta responsabilitat ser\u00e0 dels seus representants legals en cada cas.<\/p>\n<\/li>\n<li>\n<p align=\"left\">Identificaci\u00f3 de la ra\u00f3 social del responsable del fitxer L&#8217;usuari queda informat que el RESPONSABLE, amb domicili social al c\/ SANTA ANNA, 22 \u2013 08002 BARCELONA (Barcelona), ostenta la condici\u00f3 de responsable dels fitxers i tractaments a trav\u00e9s dels quals es recullen i emmagatzemen les dades personals de l&#8217;usuari com a conseq\u00fc\u00e8ncia del registre i \u00fas de la p\u00e0gina oficial del RESPONSABLE, en aquesta xarxa social, sens perjudici dels tractaments de qu\u00e8 \u00e9s responsable l&#8217;entitat titular de la xarxa social on es troba la nostra p\u00e0gina oficial.<\/p>\n<\/li>\n<li>\n<p align=\"left\">\n<div>\n<div><span>Finalitats a qu\u00e8 es destinen les dades de car\u00e0cter personal, informaci\u00f3 i consentimentLes dades personals proporcionades volunt\u00e0riament per l<\/span><span>&#8216;usuari al RESPONSABLE, a trav\u00e9s de la seva p\u00e0gina oficial formaran part d&#8217;<\/span><span>un tractament de dades responsabilitat del RESPONSABLE, amb la finalitat d<\/span><span>&#8216;oferir-vos informaci\u00f3 del RESPONSABLE, per e-mail, fax, SMS, MMS, comunitats socials o qualsevol altre mitj\u00e0 electr\u00f2nic o f\u00edsic, present o futur, que possibiliti realitzar comunicaci\u00f3 comercials, enviament de newsletter a aquells usuaris que se subscriguin, intercanviar informaci\u00f3 amb el RESPONSABLE, i altres usuaris i establir comunicaci\u00f3 amb tercers. Des del moment en qu\u00e8 l&#8217;<\/span><span>usuari utilitza aquesta p\u00e0gina oficial presta el seu consentiment lliure, inequ\u00edvoc, espec\u00edfic, informat i expr\u00e9s per al tractament de les seves dades personals pel RESPONSABLE, per a la prestaci\u00f3 correcta d<\/span><span>&#8216;aquests serveis d&#8217;<\/span><span>acord amb el que estableix aquesta pol\u00edtica. L<\/span><span>&#8216;usuari \u00e9s lliure d&#8217;<\/span><span>utili zar la p\u00e0gina oficial del RESPONSABLE, en aquesta xarxa social, per la qual cosa en cas que l<\/span><span>&#8216;usuari no estigui d&#8217;<\/span><span>acord amb el tractament de les seves dades amb aquests fins, no l<\/span><span>&#8216;haur\u00e0 d&#8217;<\/span><span>utilitzar ni proporcionar les dades personals. A trav\u00e9s d<\/span><span>&#8216;aquesta p\u00e0gina oficial del RESPONSABLE, l&#8217;<\/span><span>usuari pot compartir textos, fotos, v\u00eddeos i altres tipus d<\/span><span>&#8216;informaci\u00f3 i\/o continguts que estaran subjectes tant a aquesta pol\u00edtica com a les Normes i Condicions de la Plataforma. L&#8217;<\/span><span>usuari ser\u00e0 responsable que tots els continguts que publiqui respectin la legislaci\u00f3 vigent, aquesta pol\u00edtica i les Normes de la Plataforma. L<\/span><span>&#8216;usuari \u00fanicament podr\u00e0 publicar en aquesta p\u00e0gina oficial del RESPONSABLE, dades personals, fotografies i informacions o altres continguts la titularitat i propietat dels quals li pertanyin o respecte de les quals ostenti l&#8217;<\/span><span>autoritzaci\u00f3 de tercers. El RESPONSABLE, tindr\u00e0 dret a eliminar de la present p\u00e0gina oficial -de forma unilateral i sense pr\u00e8via comunicaci\u00f3 ni autoritzaci\u00f3 de l<\/span><span>&#8216;usuari- qualsevol contingut publicat per l&#8217;<\/span><span>usuari quan l<\/span><span>&#8216;usuari infringeixi o vulneri la legislaci\u00f3 vigent, les normes establertes en aquesta pol\u00edtica i les Normes de la Plataforma.<\/span><\/div>\n<div><\/div>\n<\/div>\n<\/li>\n<li>\n<p align=\"left\">\n<div>\n<div><span>Identificaci\u00f3 dels destinataris respecte dels quals el RESPONSABLE, tingui previst la realitzaci\u00f3 de cessions o comunicacions de dadesS&#8217;adverteix a l&#8217;usuari que tota la informaci\u00f3 i continguts que publiqui a la p\u00e0gina oficial del RESPONSABLE, a la xarxa social podr\u00e0 ser coneguda pels restants usuaris de la p\u00e0gina oficial i de la plataforma de xarxa social. En conseq\u00fc\u00e8ncia, tota la informaci\u00f3 i continguts publicats per l&#8217;usuari a la p\u00e0gina oficial del RESPONSABLE, en aquesta xarxa social ser\u00e0 objecte de comunicaci\u00f3 de la resta dels usuaris per la pr\u00f2pia naturalesa del servei. El RESPONSABLE \u00fanicament t\u00e9 prevista la realitzaci\u00f3 de cessions o comunicacions de dades que per ra\u00f3 de la normativa vigent hagi de realitzar a jutges, tribunals, administracions p\u00fabliques i autoritats competents de car\u00e0cter administratiu.<\/span><\/div>\n<div><\/div>\n<\/div>\n<\/li>\n<li>\n<p align=\"left\">\n<div>\n<div><span>Altres tercers prestadors de serveisEl RESPONSABLE, adverteix a l&#8217;usuari que aquesta entitat nom\u00e9s \u00e9s responsable i garanteix la confidencialitat, seguretat i tractament de les dades conforme a aquesta pol\u00edtica, respecte de les dades de car\u00e0cter personal que reculli de l&#8217;usuari a trav\u00e9s de la present p\u00e0gina oficial en aquesta xarxa social, no tenint cap tipus de responsabilitat respecte dels tractaments i posteriors utilitzacions de les dades personals que poguessin efectuar-se tant pel titular de la xarxa social com per tercers prestadors de serveis de la societat de la informaci\u00f3 que poguessin accedir a aquestes dades per ra\u00f3 de la prestaci\u00f3 dels seus serveis o exercici de la seva activitat, tercers que estableixin hiperenlla\u00e7os a la xarxa social, ni d&#8217;aquells responsables a qui a trav\u00e9s d&#8217;hiperenlla\u00e7os el RESPONSABLE, remet als usuaris adherits a la present p\u00e0gina oficial.<\/span><\/div>\n<div><\/div>\n<\/div>\n<\/li>\n<li>\n<p align=\"left\">\n<div>\n<div><span>Qualitat de les dadesEl RESPONSABLE, adverteix a l&#8217;usuari que, excepte l&#8217;exist\u00e8ncia d&#8217;una representaci\u00f3 legalment constitu\u00efda, cap usuari no pot utilitzar la identitat d&#8217;una altra persona i comunicar les dades personals, per la qual cosa l&#8217;usuari en tot moment haur\u00e0 de tenir en compte que nom\u00e9s pot proporcionar dades personals corresponents a la seva pr\u00f2pia identitat i que siguin adequades, pertinents, actuals, exactes i veritables. En qualsevol cas, l&#8217;usuari haur\u00e0 de respectar la privadesa de tercers, siguin aquests usuaris o no de la xarxa social o de la p\u00e0gina oficial del RESPONSABLE, en aquesta.<\/span><\/div>\n<div><\/div>\n<\/div>\n<\/li>\n<li>\n<p align=\"left\">\n<div>\n<div><span>Drets que assisteixen a l&#8217;interessat<\/span><span>: <\/span><\/div>\n<div><span> <\/span><span>\u2022 Dret a retirar el consentiment en qualsevol moment.<\/span><span> <\/span><\/div>\n<div><span> <\/span><span>\u2022 Dret d&#8217;acc\u00e9s, rectificaci\u00f3, portabilitat i supressi\u00f3 de les dades i la limitaci\u00f3 o oposici\u00f3 al tractament.<\/span><span> <\/span><\/div>\n<div><span> <\/span><span>\u2022 Dret a presentar una reclamaci\u00f3 davant de l&#8217;Autoritat de control (www.aepd.es.) si considera que el tractament no s&#8217;ajusta a la normativa vigent.<\/span><\/div>\n<div><\/div>\n<\/div>\n<\/li>\n<li>\n<p align=\"left\">\n<div>\n<div><span>Una altra informaci\u00f3 d&#8217;inter\u00e8s El RESPONSABLE podr\u00e0 modificar i\/o substituir en qualsevol moment la present pol\u00edtica que, segons els casos, substituir\u00e0, completar\u00e0 i\/o modificar\u00e0 l&#8217;actualment publicada aqu\u00ed recollida. Per aix\u00f2 l&#8217;usuari haur\u00e0 d&#8217;accedir-hi peri\u00f2dicament a fi de mantenir-se actualitzat.<\/span><\/div>\n<\/div>\n<\/li>\n<\/ol>\n<p align=\"left\">\n<div>\n<div><span>L&#8217;usuari pot contactar amb el RESPONSABLE, mitjan\u00e7ant el servei de missatgeria interna de la xarxa social oa trav\u00e9s de les seg\u00fcents adreces i dades de contacte<\/span><span>:<\/span><\/div>\n<\/div>\n<div>\n<div><\/div>\n<div><span>CARLES SISQUELLA I MOLL\u00c0<\/span><\/div>\n<div>\n<div>\n<div><span>C\/ SANTA ANNA, 22 \u2013 08002 BARCELONA (Barcelona)<\/span><\/div>\n<div>\n<div>\n<div><span>info@opticasisquella.com<\/span><\/div>\n<\/div>\n<\/div>\n<\/div>\n<\/div>\n<div><\/div>\n<\/div>\n<p align=\"left\">\n<div>\n<div><span>Aix\u00ed mateix, l&#8217;usuari pot consultar les normes i pol\u00edtiques publicades pel titular de la xarxa social per a l&#8217;\u00fas de la mateixa.<\/span><\/div>\n<\/div>\n","protected":false},"excerpt":{"rendered":"<p>Informaci\u00f3 sobre el responsable del tractament de les dades allotjades a la p\u00e0gina oficial de CARLES SISQUELLA I MOLL\u00c0, a la xarxa social. De conformitat al deure informaci\u00f3 establert al Reglament (UE) 2016\/679 de 27 d&#8217;abril (GDPR) i la Llei Org\u00e0nica 3\/2018, de 5 de desembre (LOPDGDD) CARLES SISQUELLA I MOLL\u00c0, en endavant el Responsable [&hellip;]<\/p>\n","protected":false},"author":1,"featured_media":0,"parent":0,"menu_order":0,"comment_status":"closed","ping_status":"closed","template":"","meta":{"footnotes":""},"class_list":["post-1092","page","type-page","status-publish","hentry"],"aioseo_notices":[],"_links":{"self":[{"href":"https:\/\/opticasisquella.com\/ca\/wp-json\/wp\/v2\/pages\/1092","targetHints":{"allow":["GET"]}}],"collection":[{"href":"https:\/\/opticasisquella.com\/ca\/wp-json\/wp\/v2\/pages"}],"about":[{"href":"https:\/\/opticasisquella.com\/ca\/wp-json\/wp\/v2\/types\/page"}],"author":[{"embeddable":true,"href":"https:\/\/opticasisquella.com\/ca\/wp-json\/wp\/v2\/users\/1"}],"replies":[{"embeddable":true,"href":"https:\/\/opticasisquella.com\/ca\/wp-json\/wp\/v2\/comments?post=1092"}],"version-history":[{"count":2,"href":"https:\/\/opticasisquella.com\/ca\/wp-json\/wp\/v2\/pages\/1092\/revisions"}],"predecessor-version":[{"id":1094,"href":"https:\/\/opticasisquella.com\/ca\/wp-json\/wp\/v2\/pages\/1092\/revisions\/1094"}],"wp:attachment":[{"href":"https:\/\/opticasisquella.com\/ca\/wp-json\/wp\/v2\/media?parent=1092"}],"curies":[{"name":"wp","href":"https:\/\/api.w.org\/{rel}","templated":true}]}}